{"id":65426,"date":"2026-03-18T00:08:02","date_gmt":"2026-03-18T00:08:02","guid":{"rendered":"https:\/\/programajanlo.hu\/index.php\/events\/ia-pensar-decidir-y-actuar-en-la-era-digital\/"},"modified":"2026-03-18T00:08:02","modified_gmt":"2026-03-18T00:08:02","slug":"ia-pensar-decidir-y-actuar-en-la-era-digital","status":"publish","type":"ajde_events","link":"https:\/\/programajanlo.hu\/index.php\/events\/ia-pensar-decidir-y-actuar-en-la-era-digital\/","title":{"rendered":"IA: pensar, decidir y actuar en la era digital"},"content":{"rendered":"<div>\u00bfNuestra inteligencia es verdaderamente irremplazable? \u00bfPodemos convivir con una tecnolog\u00eda que no comprendemos del todo?<\/div>\n<div style=\"margin-top: 20px\">\n<div style=\"margin: 20px 10px;font-size: 15px;line-height: 22px;font-weight: 400;text-align: left;\">\n<p>\ud83e\udd16\ud83d\udca1En el marco de la <strong><strong>Semana de la Alfabetizaci\u00f3n Medi\u00e1tica<\/strong><\/strong> y en colaboraci\u00f3n con el <strong><strong>Instituto Franc\u00e9s<\/strong><\/strong> de Budapest, os presentamos una conferencia sobre los desaf\u00edos que plantea la inteligencia artificial con <strong><strong>Nerea Blanco Mara\u00f1\u00f3n<\/strong><\/strong>, fil\u00f3sofa, escritora y divulgadora, creadora de la plataforma <strong><strong>Filosofers<\/strong><\/strong>.<\/p>\n<p>\u2696\ufe0f\ud83e\udde0Desde una mirada \u00e9tica y filos\u00f3fica, reflexionaremos sobre c\u00f3mo su impacto influye en la construcci\u00f3n de nuestra identidad y c\u00f3mo transforma nuestras decisiones. Tambi\u00e9n nos preguntaremos qu\u00e9 nuevas responsabilidades surgen con el auge de la IA y qu\u00e9 papel juega la ciudadan\u00eda en este entorno marcado por la digitalizaci\u00f3n acelerada.<\/p>\n<p>Una charla reivindicativa y accesible que nos invita a comprender y a cuestionar las inteligencias artificiales que moldean nuestras pr\u00e1cticas culturales, sociales y comunicativas.<\/p>\n<p>\ud83d\udcac <strong><strong>Espa\u00f1ol<\/strong><\/strong><strong><strong> con traducci\u00f3n simult\u00e1nea al h\u00fangaro.<\/strong><\/strong><\/p>\n<\/p>\n<p>\ud83e\udd16\ud83d\udca1A Glob\u00e1lis M\u00e9dia \u2013 \u00e9s Inform\u00e1ci\u00f3s M\u0171velts\u00e9g Hete miat, a Budapesti Francia Int\u00e9zzetel egy\u00fcttm\u0171k\u0151d\u00e9sben, Nerea Blanco Mara\u00f1\u00f3n, filosof\u00fas, k\u00f6lt\u0151 \u00e9s kutat\u00f3 vezet\u00e9s\u00e9vel konferenci\u00e1t szervez\u00fcnk messters\u00e9ges inteligencia \u00e1ltal felvett akad\u00e1lyokr\u00f3l.<\/p>\n<p>\u2696\ufe0f\ud83e\udde0Etikai \u00e9s filoz\u00f3fiai szempontb\u00f3l megvizsg\u00e1ljuk, hogy ez milyen hat\u00e1ssal van identit\u00e1sunk kialak\u00edt\u00e1s\u00e1ra \u00e9s hogyan alak\u00edtja d\u00f6nt\u00e9seinket. Arra is r\u00e1vil\u00e1g\u00edtunk, hogy az AI t\u00e9rnyer\u00e9s\u00e9vel milyen \u00faj felel\u0151ss\u00e9gek mer\u00fclnek fel, \u00e9s milyen szerepet j\u00e1tszik az polg\u00e1rs\u00e1g ebben a gyors digitaliz\u00e1l\u00f3d\u00e1s \u00e1ltal jellemzett k\u00f6rnyezetben.<\/p>\n<p>Egy megv\u00e1ltoztatos \u00e9s megk\u00f6zel\u00edthet\u0151 besz\u00e9lget\u00e9st, amely megh\u00edv minket, hogy meg\u00e9rts\u00fck \u00e9s megk\u00e9rd\u0151jelezz\u00fck a mesters\u00e9ges intelligenci\u00e1kat, amelyek a mi kult\u00far\u00e1lis, sz\u00f3ci\u00e1lis \u00e9s kommunik\u00e1ci\u00f3s szokasokat modos\u00edt.<\/p>\n<p>\ud83d\udcac<strong><strong> A besz\u00e9lget\u00e9s spanyolul zajlik, magyar <\/strong><\/strong><strong><strong>szinkrontolm\u00e1csol\u00e1ssal.<\/strong><\/strong><\/p>\n<\/div>\n<\/div>\n","protected":false},"author":1,"featured_media":65451,"menu_order":0,"comment_status":"","ping_status":"closed","template":"","meta":[],"tags":[],"event_type":[],"event_type_2":[3554],"class_list":["post-65426","ajde_events","type-ajde_events","status-publish","has-post-thumbnail","hentry","event_location-cervantes-institute","event_organizer-instituto-cervantes-de-budapest","event_type_2-kultura"],"_links":{"self":[{"href":"https:\/\/programajanlo.hu\/index.php\/wp-json\/wp\/v2\/ajde_events\/65426","targetHints":{"allow":["GET"]}}],"collection":[{"href":"https:\/\/programajanlo.hu\/index.php\/wp-json\/wp\/v2\/ajde_events"}],"about":[{"href":"https:\/\/programajanlo.hu\/index.php\/wp-json\/wp\/v2\/types\/ajde_events"}],"author":[{"embeddable":true,"href":"https:\/\/programajanlo.hu\/index.php\/wp-json\/wp\/v2\/users\/1"}],"replies":[{"embeddable":true,"href":"https:\/\/programajanlo.hu\/index.php\/wp-json\/wp\/v2\/comments?post=65426"}],"wp:featuredmedia":[{"embeddable":true,"href":"https:\/\/programajanlo.hu\/index.php\/wp-json\/wp\/v2\/media\/65451"}],"wp:attachment":[{"href":"https:\/\/programajanlo.hu\/index.php\/wp-json\/wp\/v2\/media?parent=65426"}],"wp:term":[{"taxonomy":"post_tag","embeddable":true,"href":"https:\/\/programajanlo.hu\/index.php\/wp-json\/wp\/v2\/tags?post=65426"},{"taxonomy":"event_type","embeddable":true,"href":"https:\/\/programajanlo.hu\/index.php\/wp-json\/wp\/v2\/event_type?post=65426"},{"taxonomy":"event_type_2","embeddable":true,"href":"https:\/\/programajanlo.hu\/index.php\/wp-json\/wp\/v2\/event_type_2?post=65426"}],"curies":[{"name":"wp","href":"https:\/\/api.w.org\/{rel}","templated":true}]}}