{"id":65435,"date":"2026-03-18T00:08:06","date_gmt":"2026-03-18T00:08:06","guid":{"rendered":"https:\/\/programajanlo.hu\/index.php\/events\/tesoros-de-latinoamerica-colombia-cartagena-de-indias\/"},"modified":"2026-03-18T00:08:06","modified_gmt":"2026-03-18T00:08:06","slug":"tesoros-de-latinoamerica-colombia-cartagena-de-indias","status":"publish","type":"ajde_events","link":"https:\/\/programajanlo.hu\/index.php\/events\/tesoros-de-latinoamerica-colombia-cartagena-de-indias\/","title":{"rendered":"Tesoros de Latinoam\u00e9rica &#8211; Colombia: Cartagena de Indias"},"content":{"rendered":"<div>Una charla sobre una de las ciudades m\u00e1s importantes del imperio espa\u00f1ol: Cartagena de Indias<\/div>\n<div style=\"margin-top: 20px\">\n<div style=\"margin: 20px 10px;font-size: 15px;line-height: 22px;font-weight: 400;text-align: left;\">\n<p>Cartagena de Indias, situada en el norte de Colombia, es una de las joyas del mar Caribe, donde a\u00fan hoy se percibe tanto el glorioso pasado y la elegancia de la \u00e9poca colonial como la huella de los oscuros per\u00edodos hist\u00f3ricos. Como ciudad portuaria fue uno de los bastiones m\u00e1s importantes del imperio espa\u00f1ol en Sudam\u00e9rica. Aqu\u00ed se reun\u00edan y se embarcaban hacia Europa los tesoros del Nuevo Mundo, pero tambi\u00e9n fue uno de los centros del comercio de esclavos, y en su plaza mayor operaba la temida Inquisici\u00f3n. \u00abCu\u00e1nta nobleza hay en esta ciudad, que la hemos estado destruyendo durante 400 a\u00f1os y a\u00fan se mantiene en pie\u00bb, dice Juvenal Urbino en la novela El amor en los tiempos del c\u00f3lera. La obra maestra de Gabriel Garc\u00eda M\u00e1rquez se desarrolla en esta ciudad, \u00abla antigua y heroica Cartagena de Indias, la ciudad m\u00e1s hermosa del mundo\u00bb, donde descansa el escritor colombiano, ganador del Premio Nobel. El casco antiguo colonial y la fortaleza de Cartagena fueron declarados Patrimonio Cultural de la Humanidad por la UNESCO en 1984.<\/p>\n<\/p>\n<p>A Kolumbia \u00e9szaki r\u00e9sz\u00e9n fekv\u0151 Cartagena de Indias az orsz\u00e1g karib tengeri gy\u00f6ngyszeme, ahol m\u00e1ig egyar\u00e1nt \u00e9rz\u00e9kelhet\u0151 a dics\u0151 m\u00falt, a gyarmati kor eleganci\u00e1ja \u00e9s a s\u00f6t\u00e9t t\u00f6rt\u00e9nelmi korszakok lenyomata. A v\u00e1ros ugyanis gyarmati kik\u00f6t\u0151v\u00e1rosk\u00e9nt a spanyol birodalom egyik legfontosabb t\u00e1maszpontja volt D\u00e9l-Amerik\u00e1ban. Itt gy\u0171jt\u00f6tt\u00e9k \u00f6ssze \u00e9s rakt\u00e1k haj\u00f3ra Eur\u00f3pa fel\u00e9 az \u00dajvil\u00e1g kincseit, de ugyanakkor a rabszolgakereskedelem egyik k\u00f6zpontja is volt, f\u0151ter\u00e9n pedig a rettegetett inkviz\u00edci\u00f3 m\u0171k\u00f6d\u00f6tt. \u201eMennyi nemes er\u0151 van ebben a v\u00e1rosban, hogy m\u00e1r 400 \u00e9ve puszt\u00edtjuk, \u00e9s m\u00e9g mindig tartja mag\u00e1t.\u201d \u2013 mondja Juvenal Urbino a Szerelem a kolera idej\u00e9n c\u00edm\u0171 reg\u00e9nyben. Gabriel Garc\u00eda M\u00e1rquez remekm\u0171ve ebben a v\u00e1rosban, \u201eaz \u0151si \u00e9s h\u0151si Cartagena de Indiasban, a vil\u00e1g legszebb v\u00e1ros\u00e1ban\u201d j\u00e1tsz\u00f3dik, ahol a Nobel-d\u00edjas kolumbiai \u00edr\u00f3 nyugszik. Cartagena koloni\u00e1lis \u00f3v\u00e1ros\u00e1t \u00e9s er\u0151dj\u00e9t az UNESCO 1984-ben a kultur\u00e1lis vil\u00e1g\u00f6r\u00f6ks\u00e9g r\u00e9sz\u00e9v\u00e9 nyilv\u00e1n\u00edtotta.<\/p>\n<\/div>\n<\/div>\n","protected":false},"author":1,"featured_media":65460,"menu_order":0,"comment_status":"","ping_status":"closed","template":"","meta":[],"tags":[],"event_type":[],"event_type_2":[3554],"class_list":["post-65435","ajde_events","type-ajde_events","status-publish","has-post-thumbnail","hentry","event_location-vorosmarty-u-32","event_organizer-instituto-cervantes-de-budapest","event_type_2-kultura"],"_links":{"self":[{"href":"https:\/\/programajanlo.hu\/index.php\/wp-json\/wp\/v2\/ajde_events\/65435","targetHints":{"allow":["GET"]}}],"collection":[{"href":"https:\/\/programajanlo.hu\/index.php\/wp-json\/wp\/v2\/ajde_events"}],"about":[{"href":"https:\/\/programajanlo.hu\/index.php\/wp-json\/wp\/v2\/types\/ajde_events"}],"author":[{"embeddable":true,"href":"https:\/\/programajanlo.hu\/index.php\/wp-json\/wp\/v2\/users\/1"}],"replies":[{"embeddable":true,"href":"https:\/\/programajanlo.hu\/index.php\/wp-json\/wp\/v2\/comments?post=65435"}],"wp:featuredmedia":[{"embeddable":true,"href":"https:\/\/programajanlo.hu\/index.php\/wp-json\/wp\/v2\/media\/65460"}],"wp:attachment":[{"href":"https:\/\/programajanlo.hu\/index.php\/wp-json\/wp\/v2\/media?parent=65435"}],"wp:term":[{"taxonomy":"post_tag","embeddable":true,"href":"https:\/\/programajanlo.hu\/index.php\/wp-json\/wp\/v2\/tags?post=65435"},{"taxonomy":"event_type","embeddable":true,"href":"https:\/\/programajanlo.hu\/index.php\/wp-json\/wp\/v2\/event_type?post=65435"},{"taxonomy":"event_type_2","embeddable":true,"href":"https:\/\/programajanlo.hu\/index.php\/wp-json\/wp\/v2\/event_type_2?post=65435"}],"curies":[{"name":"wp","href":"https:\/\/api.w.org\/{rel}","templated":true}]}}