{"id":65449,"date":"2026-03-18T00:08:11","date_gmt":"2026-03-18T00:08:11","guid":{"rendered":"https:\/\/programajanlo.hu\/index.php\/events\/colorin-colorado-cuento-sorpresa-de-peru\/"},"modified":"2026-03-18T00:08:11","modified_gmt":"2026-03-18T00:08:11","slug":"colorin-colorado-cuento-sorpresa-de-peru","status":"publish","type":"ajde_events","link":"https:\/\/programajanlo.hu\/index.php\/events\/colorin-colorado-cuento-sorpresa-de-peru\/","title":{"rendered":"Color\u00edn Colorado \u2013 Cuento sorpresa de Per\u00fa"},"content":{"rendered":"<div>Cuenta cuentos para adultos sobre historias y leyendas del Per\u00fa<\/div>\n<div style=\"margin-top: 20px\">\n<div style=\"margin: 20px 10px;font-size: 15px;line-height: 22px;font-weight: 400;text-align: left;\">\n<p>Acomp\u00e1\u00f1anos en un viaje a la infancia de Anna Guly\u00e1s, quien vivi\u00f3 unos a\u00f1os de su ni\u00f1ez en Per\u00fa. Esa noche reviviremos algunos de sus cuentos favoritos junto al guitarrista peruano Alex Torres, lo que nos acercar\u00e1 a las historias y sonidos del Per\u00fa.<\/p>\n<p>\ud83d\udde3\ufe0f El evento es biling\u00fce.<\/p>\n<p>K\u00eds\u00e9rj\u00e9tek el Guly\u00e1s Ann\u00e1t kisgyermekkor\u00e1nak helysz\u00edn\u00e9re: Per\u00faba, ahol \u00e9veket \u00e9lt. Est\u00fcnk\u00f6n felid\u00e9zi kedvenc perui mes\u00e9it Alex Torres, perui git\u00e1ros k\u00eds\u00e9retben, ami k\u00f6zelebb hoza a k\u00f6sz\u00f6ns\u00e9get a Perui t\u00f6rt\u00e9netekhez \u00e9s hangjait.<\/p>\n<p>\ud83d\udde3\ufe0f Az esem\u00e9ny, k\u00e9t nyelven zajlik. <\/p>\n<\/div>\n<\/div>\n","protected":false},"author":1,"featured_media":65472,"menu_order":0,"comment_status":"","ping_status":"closed","template":"","meta":[],"tags":[],"event_type":[],"event_type_2":[3554],"class_list":["post-65449","ajde_events","type-ajde_events","status-publish","has-post-thumbnail","hentry","event_location-vorosmarty-u-32","event_organizer-instituto-cervantes-de-budapest","event_type_2-kultura"],"_links":{"self":[{"href":"https:\/\/programajanlo.hu\/index.php\/wp-json\/wp\/v2\/ajde_events\/65449","targetHints":{"allow":["GET"]}}],"collection":[{"href":"https:\/\/programajanlo.hu\/index.php\/wp-json\/wp\/v2\/ajde_events"}],"about":[{"href":"https:\/\/programajanlo.hu\/index.php\/wp-json\/wp\/v2\/types\/ajde_events"}],"author":[{"embeddable":true,"href":"https:\/\/programajanlo.hu\/index.php\/wp-json\/wp\/v2\/users\/1"}],"replies":[{"embeddable":true,"href":"https:\/\/programajanlo.hu\/index.php\/wp-json\/wp\/v2\/comments?post=65449"}],"wp:featuredmedia":[{"embeddable":true,"href":"https:\/\/programajanlo.hu\/index.php\/wp-json\/wp\/v2\/media\/65472"}],"wp:attachment":[{"href":"https:\/\/programajanlo.hu\/index.php\/wp-json\/wp\/v2\/media?parent=65449"}],"wp:term":[{"taxonomy":"post_tag","embeddable":true,"href":"https:\/\/programajanlo.hu\/index.php\/wp-json\/wp\/v2\/tags?post=65449"},{"taxonomy":"event_type","embeddable":true,"href":"https:\/\/programajanlo.hu\/index.php\/wp-json\/wp\/v2\/event_type?post=65449"},{"taxonomy":"event_type_2","embeddable":true,"href":"https:\/\/programajanlo.hu\/index.php\/wp-json\/wp\/v2\/event_type_2?post=65449"}],"curies":[{"name":"wp","href":"https:\/\/api.w.org\/{rel}","templated":true}]}}